{"version":"1.0","provider_name":"Curo","provider_url":"https:\/\/curo.fr\/it","author_name":"Damien","author_url":"https:\/\/curo.fr\/it\/author\/damien\/","title":"Comment am\u00e9liorer le bien-\u00eatre de ses collaborateurs ? - Curo","type":"rich","width":600,"height":338,"html":"<blockquote class=\"wp-embedded-content\" data-secret=\"sHYzO6d5QG\"><a href=\"https:\/\/curo.fr\/it\/comment-ameliorer-le-bien-etre-de-ses-collaborateurs\/\">Comment am\u00e9liorer le bien-\u00eatre de ses collaborateurs ?<\/a><\/blockquote><iframe sandbox=\"allow-scripts\" security=\"restricted\" src=\"https:\/\/curo.fr\/it\/comment-ameliorer-le-bien-etre-de-ses-collaborateurs\/embed\/#?secret=sHYzO6d5QG\" width=\"600\" height=\"338\" title=\"&#8220;Comment am\u00e9liorer le bien-\u00eatre de ses collaborateurs ?&#8221; &#8212; Curo\" data-secret=\"sHYzO6d5QG\" frameborder=\"0\" marginwidth=\"0\" marginheight=\"0\" scrolling=\"no\" class=\"wp-embedded-content\"><\/iframe><script>\n\/*! This file is auto-generated *\/\n!function(d,l){\"use strict\";l.querySelector&&d.addEventListener&&\"undefined\"!=typeof URL&&(d.wp=d.wp||{},d.wp.receiveEmbedMessage||(d.wp.receiveEmbedMessage=function(e){var t=e.data;if((t||t.secret||t.message||t.value)&&!\/[^a-zA-Z0-9]\/.test(t.secret)){for(var s,r,n,a=l.querySelectorAll('iframe[data-secret=\"'+t.secret+'\"]'),o=l.querySelectorAll('blockquote[data-secret=\"'+t.secret+'\"]'),c=new RegExp(\"^https?:$\",\"i\"),i=0;i<o.length;i++)o[i].style.display=\"none\";for(i=0;i<a.length;i++)s=a[i],e.source===s.contentWindow&&(s.removeAttribute(\"style\"),\"height\"===t.message?(1e3<(r=parseInt(t.value,10))?r=1e3:~~r<200&&(r=200),s.height=r):\"link\"===t.message&&(r=new URL(s.getAttribute(\"src\")),n=new URL(t.value),c.test(n.protocol))&&n.host===r.host&&l.activeElement===s&&(d.top.location.href=t.value))}},d.addEventListener(\"message\",d.wp.receiveEmbedMessage,!1),l.addEventListener(\"DOMContentLoaded\",function(){for(var e,t,s=l.querySelectorAll(\"iframe.wp-embedded-content\"),r=0;r<s.length;r++)(t=(e=s[r]).getAttribute(\"data-secret\"))||(t=Math.random().toString(36).substring(2,12),e.src+=\"#?secret=\"+t,e.setAttribute(\"data-secret\",t)),e.contentWindow.postMessage({message:\"ready\",secret:t},\"*\")},!1)))}(window,document);\n\/\/# sourceURL=https:\/\/curo.fr\/wp-includes\/js\/wp-embed.min.js\n<\/script>","thumbnail_url":"https:\/\/curo.fr\/wp-content\/uploads\/2025\/04\/67f6e5ce33dec372466852.jpg","thumbnail_width":950,"thumbnail_height":634,"description":"Dans un monde professionnel en pleine transformation, la question du bien-\u00eatre au travail est devenue centrale. Entre pression des r\u00e9sultats, stress, fatigue et douleurs li\u00e9es \u00e0 la posture, les salari\u00e9s sont soumis \u00e0 de nombreuses contraintes physiques et mentales. Heureusement, des leviers existent pour am\u00e9liorer leur quotidien. Parmi eux, les formations en entreprise ont un ... Leggi tutto"}